{"id":26,"date":"2026-04-25T14:29:11","date_gmt":"2026-04-25T14:29:11","guid":{"rendered":"https:\/\/amimi-malak.mmigrenoble-dev.fr\/?page_id=26"},"modified":"2026-04-30T06:30:34","modified_gmt":"2026-04-30T06:30:34","slug":"projets","status":"publish","type":"page","link":"https:\/\/amimi-malak.mmigrenoble-dev.fr\/?page_id=26","title":{"rendered":"Projets"},"content":{"rendered":"\t\t<div data-elementor-type=\"wp-page\" data-elementor-id=\"26\" class=\"elementor elementor-26\">\n\t\t\t\t<div class=\"elementor-element elementor-element-7c3ae7d e-con-full e-flex e-con e-parent\" data-id=\"7c3ae7d\" data-element_type=\"container\" data-e-type=\"container\" data-settings=\"{&quot;background_background&quot;:&quot;classic&quot;}\">\n\t\t\t\t<div class=\"elementor-element elementor-element-2700cf8 elementor-widget elementor-widget-shortcode\" data-id=\"2700cf8\" data-element_type=\"widget\" data-e-type=\"widget\" data-widget_type=\"shortcode.default\">\n\t\t\t\t\t\t\t<div class=\"elementor-shortcode\"><\/div>\n\t\t\t\t\t\t<\/div>\n\t\t<div class=\"elementor-element elementor-element-9f2d121 e-grid e-con-boxed e-con e-child\" data-id=\"9f2d121\" data-element_type=\"container\" data-e-type=\"container\">\n\t\t\t\t\t<div class=\"e-con-inner\">\n\t\t<div class=\"elementor-element elementor-element-fee6243 e-con-full e-flex e-con e-child\" data-id=\"fee6243\" data-element_type=\"container\" data-e-type=\"container\">\n\t\t\t\t<div class=\"elementor-element elementor-element-afe24a4 elementor-widget elementor-widget-image\" data-id=\"afe24a4\" data-element_type=\"widget\" data-e-type=\"widget\" data-widget_type=\"image.default\">\n\t\t\t\t\t\t\t\t\t\t\t\t\t\t\t<img fetchpriority=\"high\" decoding=\"async\" width=\"800\" height=\"431\" src=\"https:\/\/amimi-malak.mmigrenoble-dev.fr\/wp-content\/uploads\/2026\/04\/Capture-decran-2026-04-28-115212-1024x552.png\" class=\"attachment-large size-large wp-image-115\" alt=\"\" srcset=\"https:\/\/amimi-malak.mmigrenoble-dev.fr\/wp-content\/uploads\/2026\/04\/Capture-decran-2026-04-28-115212-1024x552.png 1024w, https:\/\/amimi-malak.mmigrenoble-dev.fr\/wp-content\/uploads\/2026\/04\/Capture-decran-2026-04-28-115212-300x162.png 300w, https:\/\/amimi-malak.mmigrenoble-dev.fr\/wp-content\/uploads\/2026\/04\/Capture-decran-2026-04-28-115212-768x414.png 768w, https:\/\/amimi-malak.mmigrenoble-dev.fr\/wp-content\/uploads\/2026\/04\/Capture-decran-2026-04-28-115212-1536x828.png 1536w, https:\/\/amimi-malak.mmigrenoble-dev.fr\/wp-content\/uploads\/2026\/04\/Capture-decran-2026-04-28-115212.png 1580w\" sizes=\"(max-width: 800px) 100vw, 800px\" \/>\t\t\t\t\t\t\t\t\t\t\t\t\t\t\t<\/div>\n\t\t\t\t<div class=\"elementor-element elementor-element-214d319 elementor-widget elementor-widget-text-editor\" data-id=\"214d319\" data-element_type=\"widget\" data-e-type=\"widget\" data-widget_type=\"text-editor.default\">\n\t\t\t\t\t\t\t\t\t<p>Ce projet consiste en la conception et la r\u00e9alisation d\u2019une interface web inspir\u00e9e du site du Louvre, dans le but de travailler la structuration de contenu, l\u2019ergonomie et l\u2019exp\u00e9rience utilisateur.<\/p>\t\t\t\t\t\t\t\t<\/div>\n\t\t\t\t<div class=\"elementor-element elementor-element-fb21612 elementor-widget elementor-widget-text-editor\" data-id=\"fb21612\" data-element_type=\"widget\" data-e-type=\"widget\" data-widget_type=\"text-editor.default\">\n\t\t\t\t\t\t\t\t\t<p>L\u2019objectif principal \u00e9tait de recr\u00e9er une plateforme culturelle mettant en avant des expositions, des \u00e9v\u00e9nements et des informations pratiques, tout en assurant&#8230;.\u00a0<\/p>\t\t\t\t\t\t\t\t<\/div>\n\t\t\t\t<div class=\"elementor-element elementor-element-95610ca elementor-widget elementor-widget-button\" data-id=\"95610ca\" data-element_type=\"widget\" data-e-type=\"widget\" data-widget_type=\"button.default\">\n\t\t\t\t\t\t\t\t\t\t<a class=\"elementor-button elementor-button-link elementor-size-sm\" href=\"https:\/\/amimi-malak.mmigrenoble-dev.fr\/?page_id=147\">\n\t\t\t\t\t\t<span class=\"elementor-button-content-wrapper\">\n\t\t\t\t\t\t\t\t\t<span class=\"elementor-button-text\">Cliquez ici<\/span>\n\t\t\t\t\t<\/span>\n\t\t\t\t\t<\/a>\n\t\t\t\t\t\t\t\t<\/div>\n\t\t\t\t<\/div>\n\t\t<div class=\"elementor-element elementor-element-8854ce8 e-con-full e-flex e-con e-child\" data-id=\"8854ce8\" data-element_type=\"container\" data-e-type=\"container\">\n\t\t\t\t<div class=\"elementor-element elementor-element-324a9f9 elementor-widget elementor-widget-image\" data-id=\"324a9f9\" data-element_type=\"widget\" data-e-type=\"widget\" data-widget_type=\"image.default\">\n\t\t\t\t\t\t\t\t\t\t\t\t\t\t\t<img decoding=\"async\" width=\"800\" height=\"445\" src=\"https:\/\/amimi-malak.mmigrenoble-dev.fr\/wp-content\/uploads\/2026\/04\/Capture-decran-2026-04-28-114337-1024x569.png\" class=\"attachment-large size-large wp-image-113\" alt=\"\" srcset=\"https:\/\/amimi-malak.mmigrenoble-dev.fr\/wp-content\/uploads\/2026\/04\/Capture-decran-2026-04-28-114337-1024x569.png 1024w, https:\/\/amimi-malak.mmigrenoble-dev.fr\/wp-content\/uploads\/2026\/04\/Capture-decran-2026-04-28-114337-300x167.png 300w, https:\/\/amimi-malak.mmigrenoble-dev.fr\/wp-content\/uploads\/2026\/04\/Capture-decran-2026-04-28-114337-768x427.png 768w, https:\/\/amimi-malak.mmigrenoble-dev.fr\/wp-content\/uploads\/2026\/04\/Capture-decran-2026-04-28-114337-1536x854.png 1536w, https:\/\/amimi-malak.mmigrenoble-dev.fr\/wp-content\/uploads\/2026\/04\/Capture-decran-2026-04-28-114337-2048x1138.png 2048w\" sizes=\"(max-width: 800px) 100vw, 800px\" \/>\t\t\t\t\t\t\t\t\t\t\t\t\t\t\t<\/div>\n\t\t\t\t<div class=\"elementor-element elementor-element-a6586a0 elementor-widget elementor-widget-text-editor\" data-id=\"a6586a0\" data-element_type=\"widget\" data-e-type=\"widget\" data-widget_type=\"text-editor.default\">\n\t\t\t\t\t\t\t\t\t<p><strong data-start=\"146\" data-end=\"161\">StellarShop<\/strong> est un site e-commerce immersif au design cosmique, con\u00e7u et d\u00e9velopp\u00e9 dans le cadre d\u2019un projet acad\u00e9mique en d\u00e9veloppement web. Inspir\u00e9 par l\u2019univers et les \u00e9toiles, ce projet propose une exp\u00e9rience utilisateur intuitive autour de la vente fictive d\u2019objets c\u00e9lestes.<\/p>\t\t\t\t\t\t\t\t<\/div>\n\t\t\t\t<div class=\"elementor-element elementor-element-17eeeb5 elementor-widget elementor-widget-text-editor\" data-id=\"17eeeb5\" data-element_type=\"widget\" data-e-type=\"widget\" data-widget_type=\"text-editor.default\">\n\t\t\t\t\t\t\t\t\t<p>D\u00e9velopp\u00e9 avec <strong data-start=\"447\" data-end=\"467\">HTML, CSS et PHP<\/strong>, StellarShop int\u00e8gre plusieurs fonctionnalit\u00e9s dynamiques telles qu\u2019un catalogue de produits &#8230;..\u00a0<\/p>\t\t\t\t\t\t\t\t<\/div>\n\t\t\t\t<div class=\"elementor-element elementor-element-35329c9 elementor-widget elementor-widget-button\" data-id=\"35329c9\" data-element_type=\"widget\" data-e-type=\"widget\" data-widget_type=\"button.default\">\n\t\t\t\t\t\t\t\t\t\t<a class=\"elementor-button elementor-button-link elementor-size-sm\" href=\"https:\/\/amimi-malak.mmigrenoble-dev.fr\/?page_id=140\">\n\t\t\t\t\t\t<span class=\"elementor-button-content-wrapper\">\n\t\t\t\t\t\t\t\t\t<span class=\"elementor-button-text\">Cliquez ici<\/span>\n\t\t\t\t\t<\/span>\n\t\t\t\t\t<\/a>\n\t\t\t\t\t\t\t\t<\/div>\n\t\t\t\t<\/div>\n\t\t<div class=\"elementor-element elementor-element-6d52368 e-con-full e-flex e-con e-child\" data-id=\"6d52368\" data-element_type=\"container\" data-e-type=\"container\">\n\t\t\t\t<div class=\"elementor-element elementor-element-b95f9db elementor-widget elementor-widget-image\" data-id=\"b95f9db\" data-element_type=\"widget\" data-e-type=\"widget\" data-widget_type=\"image.default\">\n\t\t\t\t\t\t\t\t\t\t\t\t\t\t\t<img decoding=\"async\" width=\"800\" height=\"451\" src=\"https:\/\/amimi-malak.mmigrenoble-dev.fr\/wp-content\/uploads\/2026\/04\/pub-1024x577.png\" class=\"attachment-large size-large wp-image-129\" alt=\"\" srcset=\"https:\/\/amimi-malak.mmigrenoble-dev.fr\/wp-content\/uploads\/2026\/04\/pub-1024x577.png 1024w, https:\/\/amimi-malak.mmigrenoble-dev.fr\/wp-content\/uploads\/2026\/04\/pub-300x169.png 300w, https:\/\/amimi-malak.mmigrenoble-dev.fr\/wp-content\/uploads\/2026\/04\/pub-768x433.png 768w, https:\/\/amimi-malak.mmigrenoble-dev.fr\/wp-content\/uploads\/2026\/04\/pub-1536x865.png 1536w, https:\/\/amimi-malak.mmigrenoble-dev.fr\/wp-content\/uploads\/2026\/04\/pub.png 1653w\" sizes=\"(max-width: 800px) 100vw, 800px\" \/>\t\t\t\t\t\t\t\t\t\t\t\t\t\t\t<\/div>\n\t\t\t\t<div class=\"elementor-element elementor-element-50e5d23 elementor-widget elementor-widget-text-editor\" data-id=\"50e5d23\" data-element_type=\"widget\" data-e-type=\"widget\" data-widget_type=\"text-editor.default\">\n\t\t\t\t\t\t\t\t\t<p>Ce projet consiste en la reproduction et la r\u00e9alisation d\u2019une publicit\u00e9 audiovisuelle en \u00e9quipe, depuis la phase de pr\u00e9paration jusqu\u2019\u00e0 la post-production.<\/p>\t\t\t\t\t\t\t\t<\/div>\n\t\t\t\t<div class=\"elementor-element elementor-element-a13a99d elementor-widget elementor-widget-text-editor\" data-id=\"a13a99d\" data-element_type=\"widget\" data-e-type=\"widget\" data-widget_type=\"text-editor.default\">\n\t\t\t\t\t\t\t\t\t<p>Nous avons travaill\u00e9 en groupe en nous r\u00e9partissant des r\u00f4les techniques pr\u00e9cis (cadreur, ing\u00e9nieur son, perchman, acteurs, scripte, \u00e9lectricien), afin de reproduire fid\u00e8lement une publicit\u00e9 existante&#8230;<\/p>\t\t\t\t\t\t\t\t<\/div>\n\t\t\t\t<div class=\"elementor-element elementor-element-b728f7b elementor-widget elementor-widget-button\" data-id=\"b728f7b\" data-element_type=\"widget\" data-e-type=\"widget\" data-widget_type=\"button.default\">\n\t\t\t\t\t\t\t\t\t\t<a class=\"elementor-button elementor-button-link elementor-size-sm\" href=\"https:\/\/amimi-malak.mmigrenoble-dev.fr\/?page_id=149\">\n\t\t\t\t\t\t<span class=\"elementor-button-content-wrapper\">\n\t\t\t\t\t\t\t\t\t<span class=\"elementor-button-text\">Cliquez ici<\/span>\n\t\t\t\t\t<\/span>\n\t\t\t\t\t<\/a>\n\t\t\t\t\t\t\t\t<\/div>\n\t\t\t\t<\/div>\n\t\t<div class=\"elementor-element elementor-element-423804e e-con-full e-flex e-con e-child\" data-id=\"423804e\" data-element_type=\"container\" data-e-type=\"container\">\n\t\t\t\t<div class=\"elementor-element elementor-element-a812c1b elementor-widget elementor-widget-image\" data-id=\"a812c1b\" data-element_type=\"widget\" data-e-type=\"widget\" data-widget_type=\"image.default\">\n\t\t\t\t\t\t\t\t\t\t\t\t\t\t\t<img loading=\"lazy\" decoding=\"async\" width=\"800\" height=\"369\" src=\"https:\/\/amimi-malak.mmigrenoble-dev.fr\/wp-content\/uploads\/2026\/04\/Capture-decran-2026-04-28-162544-1024x472.png\" class=\"attachment-large size-large wp-image-132\" alt=\"\" srcset=\"https:\/\/amimi-malak.mmigrenoble-dev.fr\/wp-content\/uploads\/2026\/04\/Capture-decran-2026-04-28-162544-1024x472.png 1024w, https:\/\/amimi-malak.mmigrenoble-dev.fr\/wp-content\/uploads\/2026\/04\/Capture-decran-2026-04-28-162544-300x138.png 300w, https:\/\/amimi-malak.mmigrenoble-dev.fr\/wp-content\/uploads\/2026\/04\/Capture-decran-2026-04-28-162544-768x354.png 768w, https:\/\/amimi-malak.mmigrenoble-dev.fr\/wp-content\/uploads\/2026\/04\/Capture-decran-2026-04-28-162544-1536x708.png 1536w, https:\/\/amimi-malak.mmigrenoble-dev.fr\/wp-content\/uploads\/2026\/04\/Capture-decran-2026-04-28-162544.png 1908w\" sizes=\"(max-width: 800px) 100vw, 800px\" \/>\t\t\t\t\t\t\t\t\t\t\t\t\t\t\t<\/div>\n\t\t\t\t<div class=\"elementor-element elementor-element-dba022f elementor-widget elementor-widget-text-editor\" data-id=\"dba022f\" data-element_type=\"widget\" data-e-type=\"widget\" data-widget_type=\"text-editor.default\">\n\t\t\t\t\t\t\t\t\t<p>Ce projet s\u2019inscrit dans le cadre d\u2019une SAE d\u00e9di\u00e9e \u00e0 la conception et au d\u00e9veloppement d\u2019un site web dynamique complet, r\u00e9alis\u00e9 en autonomie sur une dur\u00e9e de plusieurs semaines.<\/p>\t\t\t\t\t\t\t\t<\/div>\n\t\t\t\t<div class=\"elementor-element elementor-element-4724d02 elementor-widget elementor-widget-text-editor\" data-id=\"4724d02\" data-element_type=\"widget\" data-e-type=\"widget\" data-widget_type=\"text-editor.default\">\n\t\t\t\t\t\t\t\t\t<p>L\u2019objectif \u00e9tait de concevoir une application web capable de g\u00e9n\u00e9rer dynamiquement du contenu \u00e0 partir d\u2019une base de donn\u00e9es, en utilisant les technologies <strong data-start=\"662\" data-end=\"692\">PHP, HTML, CSS, JavaScript\u00a0<\/strong>&#8230;.<\/p>\t\t\t\t\t\t\t\t<\/div>\n\t\t\t\t<div class=\"elementor-element elementor-element-bc1d2e9 elementor-widget elementor-widget-button\" data-id=\"bc1d2e9\" data-element_type=\"widget\" data-e-type=\"widget\" data-widget_type=\"button.default\">\n\t\t\t\t\t\t\t\t\t\t<a class=\"elementor-button elementor-button-link elementor-size-sm\" href=\"https:\/\/amimi-malak.mmigrenoble-dev.fr\/?page_id=143\">\n\t\t\t\t\t\t<span class=\"elementor-button-content-wrapper\">\n\t\t\t\t\t\t\t\t\t<span class=\"elementor-button-text\">Cliquez ici<\/span>\n\t\t\t\t\t<\/span>\n\t\t\t\t\t<\/a>\n\t\t\t\t\t\t\t\t<\/div>\n\t\t\t\t<\/div>\n\t\t<div class=\"elementor-element elementor-element-b7809c9 e-con-full e-flex e-con e-child\" data-id=\"b7809c9\" data-element_type=\"container\" data-e-type=\"container\">\n\t\t\t\t<div class=\"elementor-element elementor-element-daad11f elementor-widget elementor-widget-image\" data-id=\"daad11f\" data-element_type=\"widget\" data-e-type=\"widget\" data-widget_type=\"image.default\">\n\t\t\t\t\t\t\t\t\t\t\t\t\t\t\t<img loading=\"lazy\" decoding=\"async\" width=\"800\" height=\"450\" src=\"https:\/\/amimi-malak.mmigrenoble-dev.fr\/wp-content\/uploads\/2026\/04\/WhatsApp-Image-2026-04-29-at-23.36.36-1024x576.jpeg\" class=\"attachment-large size-large wp-image-223\" alt=\"\" srcset=\"https:\/\/amimi-malak.mmigrenoble-dev.fr\/wp-content\/uploads\/2026\/04\/WhatsApp-Image-2026-04-29-at-23.36.36-1024x576.jpeg 1024w, https:\/\/amimi-malak.mmigrenoble-dev.fr\/wp-content\/uploads\/2026\/04\/WhatsApp-Image-2026-04-29-at-23.36.36-300x169.jpeg 300w, https:\/\/amimi-malak.mmigrenoble-dev.fr\/wp-content\/uploads\/2026\/04\/WhatsApp-Image-2026-04-29-at-23.36.36-768x432.jpeg 768w, https:\/\/amimi-malak.mmigrenoble-dev.fr\/wp-content\/uploads\/2026\/04\/WhatsApp-Image-2026-04-29-at-23.36.36.jpeg 1080w\" sizes=\"(max-width: 800px) 100vw, 800px\" \/>\t\t\t\t\t\t\t\t\t\t\t\t\t\t\t<\/div>\n\t\t\t\t<div class=\"elementor-element elementor-element-d097c9d elementor-widget elementor-widget-text-editor\" data-id=\"d097c9d\" data-element_type=\"widget\" data-e-type=\"widget\" data-widget_type=\"text-editor.default\">\n\t\t\t\t\t\t\t\t\t<p>Ce projet consiste en la r\u00e9alisation d\u2019un film documentaire court, men\u00e9 en \u00e9quipe, portant sur le portrait d\u2019un m\u00e9tier ou d\u2019une passion.<\/p>\t\t\t\t\t\t\t\t<\/div>\n\t\t\t\t<div class=\"elementor-element elementor-element-36049c8 elementor-widget elementor-widget-text-editor\" data-id=\"36049c8\" data-element_type=\"widget\" data-e-type=\"widget\" data-widget_type=\"text-editor.default\">\n\t\t\t\t\t\t\t\t\t<p>De la phase d\u2019\u00e9criture \u00e0 la post-production, nous avons suivi toutes les \u00e9tapes d\u2019une production audiovisuelle compl\u00e8te&#8230;.<\/p><p>\u00a0<\/p>\t\t\t\t\t\t\t\t<\/div>\n\t\t\t\t<div class=\"elementor-element elementor-element-60378b3 elementor-widget elementor-widget-button\" data-id=\"60378b3\" data-element_type=\"widget\" data-e-type=\"widget\" data-widget_type=\"button.default\">\n\t\t\t\t\t\t\t\t\t\t<a class=\"elementor-button elementor-button-link elementor-size-sm\" href=\"https:\/\/amimi-malak.mmigrenoble-dev.fr\/?page_id=151\">\n\t\t\t\t\t\t<span class=\"elementor-button-content-wrapper\">\n\t\t\t\t\t\t\t\t\t<span class=\"elementor-button-text\">Cliquez ici<\/span>\n\t\t\t\t\t<\/span>\n\t\t\t\t\t<\/a>\n\t\t\t\t\t\t\t\t<\/div>\n\t\t\t\t<\/div>\n\t\t<div class=\"elementor-element elementor-element-38ce236 e-con-full e-flex e-con e-child\" data-id=\"38ce236\" data-element_type=\"container\" data-e-type=\"container\">\n\t\t\t\t<div class=\"elementor-element elementor-element-75a1805 elementor-widget elementor-widget-image\" data-id=\"75a1805\" data-element_type=\"widget\" data-e-type=\"widget\" data-widget_type=\"image.default\">\n\t\t\t\t\t\t\t\t\t\t\t\t\t\t\t<img loading=\"lazy\" decoding=\"async\" width=\"738\" height=\"1024\" src=\"https:\/\/amimi-malak.mmigrenoble-dev.fr\/wp-content\/uploads\/2026\/04\/WhatsApp-Image-2026-04-29-at-15.28.11-738x1024.jpeg\" class=\"attachment-large size-large wp-image-212\" alt=\"\" srcset=\"https:\/\/amimi-malak.mmigrenoble-dev.fr\/wp-content\/uploads\/2026\/04\/WhatsApp-Image-2026-04-29-at-15.28.11-738x1024.jpeg 738w, https:\/\/amimi-malak.mmigrenoble-dev.fr\/wp-content\/uploads\/2026\/04\/WhatsApp-Image-2026-04-29-at-15.28.11-216x300.jpeg 216w, https:\/\/amimi-malak.mmigrenoble-dev.fr\/wp-content\/uploads\/2026\/04\/WhatsApp-Image-2026-04-29-at-15.28.11.jpeg 742w\" sizes=\"(max-width: 738px) 100vw, 738px\" \/>\t\t\t\t\t\t\t\t\t\t\t\t\t\t\t<\/div>\n\t\t\t\t<div class=\"elementor-element elementor-element-614ed3c elementor-widget elementor-widget-text-editor\" data-id=\"614ed3c\" data-element_type=\"widget\" data-e-type=\"widget\" data-widget_type=\"text-editor.default\">\n\t\t\t\t\t\t\t\t\t<p>Ce projet consiste en la cr\u00e9ation d\u2019une affiche illustr\u00e9e repr\u00e9sentant ma ville d\u2019enfance, <strong data-start=\"354\" data-end=\"363\">Rabat<\/strong>, r\u00e9alis\u00e9e sur Adobe Illustrator.<\/p>\t\t\t\t\t\t\t\t<\/div>\n\t\t\t\t<div class=\"elementor-element elementor-element-5499753 elementor-widget elementor-widget-text-editor\" data-id=\"5499753\" data-element_type=\"widget\" data-e-type=\"widget\" data-widget_type=\"text-editor.default\">\n\t\t\t\t\t\t\t\t\t<p>L\u2019objectif \u00e9tait de concevoir une composition graphique coh\u00e9rente en s\u2019appuyant sur une phase d\u2019analyse de l\u2019existant et la cr\u00e9ation d\u2019un moodboard&#8230;.<\/p>\t\t\t\t\t\t\t\t<\/div>\n\t\t\t\t<div class=\"elementor-element elementor-element-ef5277f elementor-widget elementor-widget-button\" data-id=\"ef5277f\" data-element_type=\"widget\" data-e-type=\"widget\" data-widget_type=\"button.default\">\n\t\t\t\t\t\t\t\t\t\t<a class=\"elementor-button elementor-button-link elementor-size-sm\" href=\"https:\/\/amimi-malak.mmigrenoble-dev.fr\/?page_id=145\">\n\t\t\t\t\t\t<span class=\"elementor-button-content-wrapper\">\n\t\t\t\t\t\t\t\t\t<span class=\"elementor-button-text\">Cliquez ici<\/span>\n\t\t\t\t\t<\/span>\n\t\t\t\t\t<\/a>\n\t\t\t\t\t\t\t\t<\/div>\n\t\t\t\t<\/div>\n\t\t\t\t\t<\/div>\n\t\t\t\t<\/div>\n\t\t\t\t<\/div>\n\t\t\t\t<\/div>\n\t\t","protected":false},"excerpt":{"rendered":"<p>Ce projet consiste en la conception et la r\u00e9alisation d\u2019une interface web inspir\u00e9e du site du Louvre, dans le but de travailler la structuration de contenu, l\u2019ergonomie et l\u2019exp\u00e9rience utilisateur. L\u2019objectif principal \u00e9tait de recr\u00e9er une plateforme culturelle mettant en avant des expositions, des \u00e9v\u00e9nements et des informations pratiques, tout en assurant&#8230;.\u00a0 Cliquez ici StellarShop [&hellip;]<\/p>\n","protected":false},"author":4,"featured_media":0,"parent":0,"menu_order":0,"comment_status":"closed","ping_status":"closed","template":"","meta":{"footnotes":""},"class_list":["post-26","page","type-page","status-publish","hentry"],"_links":{"self":[{"href":"https:\/\/amimi-malak.mmigrenoble-dev.fr\/index.php?rest_route=\/wp\/v2\/pages\/26","targetHints":{"allow":["GET"]}}],"collection":[{"href":"https:\/\/amimi-malak.mmigrenoble-dev.fr\/index.php?rest_route=\/wp\/v2\/pages"}],"about":[{"href":"https:\/\/amimi-malak.mmigrenoble-dev.fr\/index.php?rest_route=\/wp\/v2\/types\/page"}],"author":[{"embeddable":true,"href":"https:\/\/amimi-malak.mmigrenoble-dev.fr\/index.php?rest_route=\/wp\/v2\/users\/4"}],"replies":[{"embeddable":true,"href":"https:\/\/amimi-malak.mmigrenoble-dev.fr\/index.php?rest_route=%2Fwp%2Fv2%2Fcomments&post=26"}],"version-history":[{"count":13,"href":"https:\/\/amimi-malak.mmigrenoble-dev.fr\/index.php?rest_route=\/wp\/v2\/pages\/26\/revisions"}],"predecessor-version":[{"id":279,"href":"https:\/\/amimi-malak.mmigrenoble-dev.fr\/index.php?rest_route=\/wp\/v2\/pages\/26\/revisions\/279"}],"wp:attachment":[{"href":"https:\/\/amimi-malak.mmigrenoble-dev.fr\/index.php?rest_route=%2Fwp%2Fv2%2Fmedia&parent=26"}],"curies":[{"name":"wp","href":"https:\/\/api.w.org\/{rel}","templated":true}]}}